{"id":2,"date":"2025-06-07T16:54:06","date_gmt":"2025-06-07T16:54:06","guid":{"rendered":"http:\/\/jankruse.net\/?page_id=2"},"modified":"2026-04-30T20:47:22","modified_gmt":"2026-04-30T18:47:22","slug":"sample-page","status":"publish","type":"page","link":"https:\/\/jankruse.net\/","title":{"rendered":"Hauptseite"},"content":{"rendered":"<p>[et_pb_section fb_built=&#8220;1&#8243; next_background_color=&#8220;rgba(12,113,195,0.1)&#8220; admin_label=&#8220;section&#8220; _builder_version=&#8220;4.27.4&#8243; background_image=&#8220;https:\/\/jankruse.net\/wp-content\/uploads\/2025\/06\/DSC00503-2023_03_20-09_43_38-UTC.jpg&#8220; parallax=&#8220;on&#8220; custom_padding=&#8220;10px||||false|false&#8220; bottom_divider_style=&#8220;arrow3&#8243; bottom_divider_height=&#8220;74px&#8220; global_colors_info=&#8220;{}&#8220;][et_pb_row _builder_version=&#8220;4.16&#8243; min_height=&#8220;508.2px&#8220; global_colors_info=&#8220;{}&#8220;][et_pb_column type=&#8220;4_4&#8243; _builder_version=&#8220;4.16&#8243; global_colors_info=&#8220;{}&#8220;][et_pb_text _builder_version=&#8220;4.27.4&#8243; _module_preset=&#8220;default&#8220; text_font=&#8220;Courier Prime||||||||&#8220; global_colors_info=&#8220;{}&#8220;]<\/p>\n<h2 style=\"text-align: center;\"><strong>Dr. phil. Jan Kruse<\/strong><\/h2>\n<h4 style=\"text-align: center;\"><strong>Gestalttherapeut<\/strong><\/h4>\n<p>[\/et_pb_text][et_pb_image src=&#8220;https:\/\/jankruse.net\/wp-content\/uploads\/2025\/06\/SfGT_Logo.jpg&#8220; url=&#8220;#seminar&#8220; use_overlay=&#8220;on&#8220; align=&#8220;center&#8220; _builder_version=&#8220;4.27.4&#8243; width=&#8220;46%&#8220; custom_margin=&#8220;||18px|||&#8220; filter_opacity=&#8220;77%&#8220; border_radii=&#8220;on|5px|5px|5px|5px&#8220; global_colors_info=&#8220;{}&#8220;][\/et_pb_image][et_pb_text _builder_version=&#8220;4.27.4&#8243; text_font=&#8220;Courier Prime||||||||&#8220; text_font_size=&#8220;21px&#8220; global_colors_info=&#8220;{}&#8220;]<\/p>\n<p><strong><\/strong><\/p>\n<p><span style=\"color: #000000;\"><strong><\/strong><\/span><\/p>\n<h3 style=\"text-align: center;\"><span style=\"color: #000000;\"><strong>Therapie, Supervision, Ausbildung<\/strong><\/span><\/h3>\n<h3 style=\"text-align: center;\"><span style=\"color: #000000;\"><strong><\/strong><\/span><\/h3>\n<h3 style=\"text-align: center;\"><span style=\"color: #000000;\"><strong>Gestalttherapeutische Gemeinschaftspraxis mit <a href=\"https:\/\/gestaltpraxis.ch\" target=\"_blank\" rel=\"noopener noreferrer\" style=\"color: #000000;\">Beate Willauer<\/a><\/strong><\/span><\/h3>\n<p>[\/et_pb_text][et_pb_text _builder_version=&#8220;4.27.4&#8243; _module_preset=&#8220;default&#8220; text_font=&#8220;Courier Prime||||||||&#8220; text_font_size=&#8220;43px&#8220; text_orientation=&#8220;center&#8220; global_colors_info=&#8220;{}&#8220;]<\/p>\n<p style=\"text-align: center;\"><span style=\"color: #008080;\"><strong>Zur\u00fcck zum Frieden<\/strong><\/span><\/p>\n<p>[\/et_pb_text][\/et_pb_column][\/et_pb_row][\/et_pb_section][et_pb_section fb_built=&#8220;1&#8243; admin_label=&#8220;section&#8220; _builder_version=&#8220;4.16&#8243; background_color=&#8220;rgba(12,113,195,0.1)&#8220; background_enable_image=&#8220;off&#8220; min_height=&#8220;3372.7px&#8220; custom_padding=&#8220;||0px|||&#8220; global_colors_info=&#8220;{}&#8220;][et_pb_row _builder_version=&#8220;4.16&#8243; global_colors_info=&#8220;{}&#8220;][et_pb_column type=&#8220;4_4&#8243; _builder_version=&#8220;4.16&#8243; global_colors_info=&#8220;{}&#8220;][et_pb_text module_id=&#8220;duundich&#8220; _builder_version=&#8220;4.27.4&#8243; global_colors_info=&#8220;{}&#8220;]<\/p>\n<h1 style=\"text-align: center;\">Du und ich<\/h1>\n<p>[\/et_pb_text][\/et_pb_column][\/et_pb_row][et_pb_row column_structure=&#8220;2_5,3_5&#8243; _builder_version=&#8220;4.16&#8243; global_colors_info=&#8220;{}&#8220;][et_pb_column type=&#8220;2_5&#8243; _builder_version=&#8220;4.16&#8243; global_colors_info=&#8220;{}&#8220;][et_pb_text _builder_version=&#8220;4.27.4&#8243; text_font=&#8220;Courier Prime||||||||&#8220; text_font_size=&#8220;21px&#8220; custom_padding=&#8220;||0px|||&#8220; global_colors_info=&#8220;{}&#8220;]<\/p>\n<p style=\"text-align: center;\"><strong>Jan Kruse<\/strong><\/p>\n<p>[\/et_pb_text][et_pb_image src=&#8220;https:\/\/jankruse.net\/wp-content\/uploads\/2025\/06\/IMG_4580.jpg&#8220; align=&#8220;center&#8220; _builder_version=&#8220;4.16&#8243; width=&#8220;65%&#8220; global_colors_info=&#8220;{}&#8220;][\/et_pb_image][et_pb_text _builder_version=&#8220;4.27.4&#8243; _module_preset=&#8220;default&#8220; text_font=&#8220;Courier Prime||||||||&#8220; text_text_color=&#8220;#000000&#8243; text_font_size=&#8220;17px&#8220; custom_padding=&#8220;|||68px||&#8220; global_colors_info=&#8220;{}&#8220;]<\/p>\n<p>Gestalttherapeut<br \/>Mediator<br \/>Supervisor<\/p>\n<p>Promotion in Linguistik<\/p>\n<p>[\/et_pb_text][\/et_pb_column][et_pb_column type=&#8220;3_5&#8243; _builder_version=&#8220;4.16&#8243; global_colors_info=&#8220;{}&#8220;][et_pb_text _builder_version=&#8220;4.27.6&#8243; text_font=&#8220;Courier Prime||||||||&#8220; text_text_color=&#8220;#000000&#8243; text_font_size=&#8220;16px&#8220; background_color=&#8220;rgba(0,0,0,0.04)&#8220; global_colors_info=&#8220;{}&#8220;]<\/p>\n<p>Gestalttherapie ist Therapie, Begleitung und eine Art, zu einem guten und sinnvollen Leben zu gelangen. Gestalttherapie bedeutet Entwicklung, Befreiung und Kontakt zu sich selbst. Der gestalttherapeutische Kontakt ist gepr\u00e4gt von Pr\u00e4senz, Offenheit, Beziehung und Gewahrsein. Der Entwicklung Raum geben, beisammen sein.<br \/>Zentrale Fragen dabei sind: Was nehme ich wahr? Und was fange ich damit an?<\/p>\n<p>Meine eigene Erfahrung als Wissenschaftler an Universit\u00e4ten und meine langj\u00e4hrige Beratungst\u00e4tigkeit im Hochschulbereich erleichtert Studierenden, Dozentinnen oder Wissenschaftlern den Kontakt zu mir. Mein Angebot als Hochschulberater mache ich \u00fcber <a href=\"akademia.sfgt.ch\" target=\"_blank\" rel=\"noopener\">akademia Hochschulberatung<\/a>.<\/p>\n<p>Geboren wurde ich 1971. Sp\u00e4ter habe ich Linguistik und Philosophie studiert und \u00fcber die sozialen Bedingungen von Mehrsprachigkeit promoviert.<\/p>\n<p>Ich bin in <span style=\"text-decoration: underline;\">Gestalttherapie<\/span> (Gestalt Institut Hamburg, DVG), <span style=\"text-decoration: underline;\">Supervision<\/span> (ivc, EAGT), <span style=\"text-decoration: underline;\">Mediation<\/span> (BerlinMediation, BMEV), <span style=\"text-decoration: underline;\">Hypnose-Coaching<\/span> (Jan Becker Akademie) und <span style=\"text-decoration: underline;\">Qigong\/Taichi <\/span>(Wudang Principles) ausgebildet und habe eine Heilpraktikerausbildung f\u00fcr Psychotherapie abgeschlossen. In meine Arbeit flie\u00dfen auch meine Erfahrungen in <span style=\"text-decoration: underline;\">Gewaltfreier Kommunikation<\/span> (u.a. GFK Masterclass, Muutos e.V.), Themenzentrierter Interaktion und Gemeinschaftsbildung ein. Ich bin ordentliches Mitglied der Deutschen Gesellschaft f\u00fcr Gestalttherapie (DVG), <span style=\"text-decoration: underline;\">Lehrtherapeut<\/span> des Eichgrund Institut f\u00fcr Integrative Gestalttherapie (<a href=\"https:\/\/www.eichgrund.de\/\" target=\"_blank\" rel=\"noopener\" title=\"Eichgrund-Institut f\u00fcr Integrative Gestalttherapie\">EIG<\/a>), Dozent an der Fachschule <a href=\"https:\/\/www.apamed.ch\/\" target=\"_blank\" rel=\"noopener\" title=\"Angewandte Psychologie und alternative Medizin\">Apamed<\/a>, an der Hogeschool VIVES (<a href=\"https:\/\/www.vives.be\/nl\" target=\"_blank\" rel=\"noopener\">Vives<\/a>) und an der S\u00fcddeutschen Akademie f\u00fcr Psychotherapie (<a href=\"https:\/\/www.sueddeutsche-akademie.de\" target=\"_blank\" rel=\"noopener\" title=\"S\u00fcddeutsche Akademie f\u00fcr Psychotherapie\">SAP<\/a>). Bis 2025 war ich <span style=\"text-decoration: underline;\">Redaktionsmitglied<\/span> der Zeitschrift Gestalttherapie \u2013 Forum f\u00fcr Gestaltperspektiven.<\/p>\n<p>[\/et_pb_text][\/et_pb_column][\/et_pb_row][et_pb_row _builder_version=&#8220;4.16&#8243; global_colors_info=&#8220;{}&#8220;][et_pb_column type=&#8220;4_4&#8243; _builder_version=&#8220;4.16&#8243; global_colors_info=&#8220;{}&#8220;][et_pb_text _builder_version=&#8220;4.27.4&#8243; text_font=&#8220;||||||||&#8220; module_alignment=&#8220;left&#8220; global_colors_info=&#8220;{}&#8220;]<\/p>\n<h1 style=\"text-align: center;\">Gestalttherapie<\/h1>\n<p>[\/et_pb_text][\/et_pb_column][\/et_pb_row][et_pb_row column_structure=&#8220;3_5,2_5&#8243; _builder_version=&#8220;4.16&#8243; global_colors_info=&#8220;{}&#8220;][et_pb_column type=&#8220;3_5&#8243; _builder_version=&#8220;4.16&#8243; global_colors_info=&#8220;{}&#8220;][et_pb_text _builder_version=&#8220;4.27.4&#8243; text_font=&#8220;Courier Prime||||||||&#8220; text_text_color=&#8220;#000000&#8243; text_font_size=&#8220;17px&#8220; background_color=&#8220;rgba(0,0,0,0.03)&#8220; custom_padding=&#8220;||0px|||&#8220; global_colors_info=&#8220;{}&#8220;]<\/p>\n<p>Hilfe und Begleitung in schwierigen Lebensphasen.<br \/>Gestalttherapie ist eine bedeutende humanistische Psychotherapie sowie Lebensberatung und Coaching. Fritz und Laura Perls z\u00e4hlen zu ihren Gr\u00fcnder*innen.<br \/>Jeder nimmt sich und seine Mitwelt in sinnvollen Einheiten war: in Gestalten. Diese Einheiten bestehen aus dem, was f\u00fcr uns im Vordergrund steht. Dies sind die Figuren vor dem Hintergrund der Lebensbedingungen im gegenw\u00e4rtigen Moment.\u2028<br \/>Wir leben als selbstregulierende Organismen in diesem Organismus-Umweltfeld in einem Fluss aus sich \u00f6ffnenden und schlie\u00dfenden Gestalten. Meist wird eine Gestalt (ein Thema, ein Komplex, ein Problem) erst pr\u00e4gnant, bevor sie dann gel\u00f6st werden und wieder in den Hintergrund einer neuen Gestalt eingehen kann. Gestalten, die offen bleiben, unerledigte Gesch\u00e4fte, Themen und Erlebnisse von fr\u00fcher, ungestillter Hunger nach Leben behindern diesen Fluss: wir stecken fest. Manche Gestalten sind in ihrem Geschehen kollabiert und werden als Trauma erfahren.<\/p>\n<p>Gestalttherapie hilft, dem Leben wieder zu vertrauen und aktuelle Handlungsm\u00f6glichkeiten in altbekannten Situationen zu entdecken, und Situationen zu \u00e4ndern.<\/p>\n<p>Die humanistische Psychotherapie wurde neben Fritz und Laura Perls auch von Wilhelm Reich, Carl Rogers, Jacob Levy Moreno, Viktor Frankl und Eric Berne gepr\u00e4gt. Heute beeinflusst sie viele andere Methoden und Herangehensweisen, die ganzheitliche therapeutische Arbeit erm\u00f6glichen.<\/p>\n<p>[\/et_pb_text][\/et_pb_column][et_pb_column type=&#8220;2_5&#8243; _builder_version=&#8220;4.16&#8243; global_colors_info=&#8220;{}&#8220;][et_pb_text _builder_version=&#8220;4.27.4&#8243; text_font=&#8220;Courier Prime||||||||&#8220; text_font_size=&#8220;21px&#8220; custom_padding=&#8220;||0px|||&#8220; global_colors_info=&#8220;{}&#8220;]<\/p>\n<p style=\"text-align: center;\"><strong>Zur\u00fcck zum Frieden<\/strong><\/p>\n<p>[\/et_pb_text][et_pb_image src=&#8220;https:\/\/jankruse.net\/wp-content\/uploads\/2025\/06\/lore_perls-2.jpg&#8220; align=&#8220;center&#8220; _builder_version=&#8220;4.16&#8243; global_colors_info=&#8220;{}&#8220;][\/et_pb_image][\/et_pb_column][\/et_pb_row][et_pb_row column_structure=&#8220;2_5,3_5&#8243; _builder_version=&#8220;4.16&#8243; global_colors_info=&#8220;{}&#8220;][et_pb_column type=&#8220;2_5&#8243; _builder_version=&#8220;4.16&#8243; global_colors_info=&#8220;{}&#8220;][et_pb_text _builder_version=&#8220;4.16&#8243; text_font=&#8220;Courier Prime||||||||&#8220; text_font_size=&#8220;21px&#8220; custom_padding=&#8220;||0px|||&#8220; global_colors_info=&#8220;{}&#8220;]<\/p>\n<p style=\"text-align: center;\"><strong>Gestalttherapie als ph\u00e4nomenologische Praxis<\/strong><\/p>\n<p>[\/et_pb_text][et_pb_image src=&#8220;https:\/\/jankruse.net\/wp-content\/uploads\/2025\/06\/fritz-perls.jpg&#8220; align=&#8220;center&#8220; _builder_version=&#8220;4.16&#8243; width=&#8220;85%&#8220; global_colors_info=&#8220;{}&#8220;][\/et_pb_image][\/et_pb_column][et_pb_column type=&#8220;3_5&#8243; _builder_version=&#8220;4.16&#8243; global_colors_info=&#8220;{}&#8220;][et_pb_text _builder_version=&#8220;4.27.4&#8243; text_font=&#8220;Courier Prime||||||||&#8220; text_text_color=&#8220;#000000&#8243; text_font_size=&#8220;17px&#8220; background_color=&#8220;rgba(0,0,0,0.03)&#8220; custom_padding=&#8220;||||false|false&#8220; global_colors_info=&#8220;{}&#8220;]<\/p>\n<p style=\"text-align: left;\">Gestalttherapie, wie ich sie verstehe, ist als ph\u00e4nomenologische-enaktive Therapie eine ganzheitlicher Ansatz der Verk\u00f6rperung. In der ph\u00e4nomenologischen Therapie geht es um das gegenw\u00e4rtige Erleben und die verk\u00f6rperte Erfahrung in einer Welt, die geschieht. Die Komplexit\u00e4t des individuellen Gewordensein entfaltet sich in der jeweils gegenw\u00e4rtigen Position. So ist es m\u00f6glich, sich selbst auf die Spur zu kommen, sich f\u00fcr sich selbst zu interessieren und von da aus praktische Hoffnung und &#8222;vitale Zuversicht&#8220; zu entwickeln.<br \/>Ph\u00e4nomenologische Praxis bedeutet genau das: Ausgehend von unserem besten Mitgef\u00fchl und grunds\u00e4tzlicher Akzeptanz dessen, was geschieht, kann eine Bewegung zu einem gemeinsamen planetaren Leben geschehen. Frei von richtig und falsch wird vitale Zuversicht m\u00f6glich.<\/p>\n<p>[\/et_pb_text][\/et_pb_column][\/et_pb_row][et_pb_row _builder_version=&#8220;4.16&#8243; global_colors_info=&#8220;{}&#8220;][et_pb_column type=&#8220;4_4&#8243; _builder_version=&#8220;4.16&#8243; global_colors_info=&#8220;{}&#8220;][et_pb_text _builder_version=&#8220;4.27.4&#8243; text_font=&#8220;||||||||&#8220; custom_padding=&#8220;||0px|||&#8220; global_colors_info=&#8220;{}&#8220;]<\/p>\n<h1 style=\"text-align: center;\">Gestalt in der Universit\u00e4t<\/h1>\n<p>[\/et_pb_text][\/et_pb_column][\/et_pb_row][et_pb_row column_structure=&#8220;3_5,2_5&#8243; _builder_version=&#8220;4.16&#8243; global_colors_info=&#8220;{}&#8220;][et_pb_column type=&#8220;3_5&#8243; _builder_version=&#8220;4.16&#8243; global_colors_info=&#8220;{}&#8220;][et_pb_text _builder_version=&#8220;4.27.4&#8243; text_font=&#8220;Courier Prime||||||||&#8220; text_text_color=&#8220;#000000&#8243; text_font_size=&#8220;17px&#8220; background_color=&#8220;rgba(0,0,0,0.03)&#8220; custom_padding=&#8220;||0px|||&#8220; global_colors_info=&#8220;{}&#8220;]<\/p>\n<p><a href=\"https:\/\/akademia.sfgt.de\/\" target=\"_blank\" rel=\"noopener\">SfGT akademia<\/a><\/p>\n<p>Humanistische Beratung f\u00fcr humanistische Bildung<br \/>Wir bieten Coaching, Supervision und Prozessbegleitung f\u00fcr Hochschulpersonal und Hochschulleitungen.<\/p>\n<p>Universit\u00e4t Kiel, Europa-Universit\u00e4t Flensburg, Technische, Hochschule L\u00fcbeck, Universit\u00e4t Hamburg, Universit\u00e4t Oldenburg\/University Leadership and Management Training Course (UNILEAD), Fernuni Hagen, FH Bielefeld, RWTH Aachen<br \/>Universit\u00e4t K\u00f6ln, Max-Weber-Stiftung Bonn, Forschungszentrum J\u00fclich, Hochschule Koblenz, Universit\u00e4t Koblenz-Landau<br \/>Universit\u00e4t W\u00fcrzburg, HfG Karlsruhe, Studenstiftung des Deutschen Volkes, Zentrum f\u00fcr Wissenschafsmanagement ZWM, Vormalig Partner von <a href=\"https:\/\/futurwir.de\" target=\"_blank\" rel=\"noopener\">Hochschulcoaching K\u00f6ln<\/a><\/p>\n<p>[\/et_pb_text][\/et_pb_column][et_pb_column type=&#8220;2_5&#8243; _builder_version=&#8220;4.16&#8243; global_colors_info=&#8220;{}&#8220;][et_pb_image src=&#8220;https:\/\/jankruse.net\/wp-content\/uploads\/2025\/06\/Universi-scaled.jpg&#8220; title_text=&#8220;Universi&#8220; _builder_version=&#8220;4.27.4&#8243; _module_preset=&#8220;default&#8220; width=&#8220;71%&#8220; module_alignment=&#8220;center&#8220; global_colors_info=&#8220;{}&#8220;][\/et_pb_image][\/et_pb_column][\/et_pb_row][et_pb_row _builder_version=&#8220;4.27.4&#8243; custom_padding=&#8220;||14px|||&#8220; global_colors_info=&#8220;{}&#8220;][et_pb_column type=&#8220;4_4&#8243; _builder_version=&#8220;4.16&#8243; global_colors_info=&#8220;{}&#8220;][et_pb_text module_id=&#8220;seminar&#8220; _builder_version=&#8220;4.27.4&#8243; text_font=&#8220;||||||||&#8220; custom_margin=&#8220;||1px|||&#8220; custom_padding=&#8220;||0px|||&#8220; global_colors_info=&#8220;{}&#8220;]<\/p>\n<h1 style=\"text-align: center;\">Das Seminar f\u00fcr Gestalttherapie<\/h1>\n<p>[\/et_pb_text][et_pb_blurb title=&#8220;Die Ausbildung&#8220; url=&#8220;https:\/\/www.sfgt.ch&#8220; url_new_window=&#8220;on&#8220; image=&#8220;https:\/\/jankruse.net\/wp-content\/uploads\/2025\/06\/SfGT_Logo.jpg&#8220; _builder_version=&#8220;4.27.4&#8243; _module_preset=&#8220;default&#8220; body_font=&#8220;Courier Prime||||||||&#8220; body_text_color=&#8220;#000000&#8243; body_font_size=&#8220;17px&#8220; custom_margin=&#8220;21px|||||&#8220; link_option_url=&#8220;https:\/\/www.sfgt.ch&#8220; link_option_url_new_window=&#8220;on&#8220; global_colors_info=&#8220;{}&#8220;]<\/p>\n<p class=\"s-rich-text-wrapper s-rich-text-wrapper s-rich-text-wrapper s-rich-text-wrapper s-rich-text-wrapper s-rich-text-wrapper s-rich-text-wrapper s-rich-text-wrapper s-rich-text-wrapper s-rich-text-wrapper\">Gemeinsam mit <a href=\"https:\/\/gestaltpraxis.ch\" target=\"_blank\" rel=\"noopener\">Beate Willauer<\/a> leite ich das <a href=\"http:\/\/sfgt.ch\" data-type=\"undefined\" target=\"_blank\" rel=\"noopener\">Seminar f\u00fcr Gestalttherapie<\/a>. Unsere von der Schweizerischen Gesellschaft f\u00fcr Beratung <a href=\"http:\/\/SGfB.ch\" data-type=\"undefined\" target=\"_blank\" rel=\"noopener\">SGfB<\/a><a href=\"https:\/\/www.gestaltpraxis.ch\/\" data-type=\"\" target=\"_blank\" rel=\"noopener\"> <\/a><span style=\"color: #323940;\">anerkannte Ausbildung in Gestalttherapie beginnt mit der gestalttherapeutischen Theorie- und Praxistradition und ver\u00e4stelt in aktuelle Praxis- und Theoriefelder hinein. Unsere Studierenden geniessen eine anerkannte, qualifizierte und praxisorientierte Ausbildung, die ihnen einen guten, fundierenden Boden f\u00fcr ihre eigene therapeutische und beraterische Arbeit gibt.<\/span><\/p>\n<p class=\"s-rich-text-wrapper s-rich-text-wrapper s-rich-text-wrapper s-rich-text-wrapper s-rich-text-wrapper s-rich-text-wrapper s-rich-text-wrapper s-rich-text-wrapper s-rich-text-wrapper s-rich-text-wrapper\"><span style=\"color: #323940;\">Die n\u00e4chste Klasse startet im Februar 2027. Es sind noch Pl\u00e4tze frei. Erste Infos <a href=\"https:\/\/www.sfgt.ch\" target=\"_blank\" rel=\"noopener\">hier.<\/a><\/span><\/p>\n<p>[\/et_pb_blurb][et_pb_blurb title=&#8220;Die Tagung&#8220; image=&#8220;https:\/\/jankruse.net\/wp-content\/uploads\/2025\/06\/Thomas.jpg&#8220; image_icon_width=&#8220;36%&#8220; icon_alignment=&#8220;right&#8220; _builder_version=&#8220;4.27.4&#8243; _module_preset=&#8220;default&#8220; header_font=&#8220;Courier Prime||||||||&#8220; body_font=&#8220;Courier Prime||||||||&#8220; body_text_color=&#8220;#000000&#8243; body_font_size=&#8220;17px&#8220; global_colors_info=&#8220;{}&#8220;]<\/p>\n<div class=\"twelve columns s-left-in-row right quarter-offset-right s-rva-text\">\n<div class=\"s-item-text-group s-animation-page-slide_in\" style=\"min-height: 109.9px;\">\n<div class=\"s-item-subtitle\">\n<div class=\"s-component s-text\">\n<div class=\"\">\n<div class=\"s-component-content s-font-body\" style=\"white-space: pre-wrap;\">\n<div class=\"s-rich-text-wrapper\" style=\"display: block;\">\n<p>Unsere sechste Ph\u00e4nomenologie-Tagung u.a. mit Prof. Dr. Dr. <a href=\"https:\/\/www.uni-heidelberg.de\/fakultaeten\/philosophie\/philsem\/phaenomenologie\/\" data-type=\"undefined\" target=\"_blank\" rel=\"noopener\">Thomas Fuchs<\/a> wird am 03. April 2027 stattfinden. <br \/>Eine Auditorium-Netzwerk-Aufnahme der 5. Ausgabe ist bald beim <a href=\"https:\/\/www.auditorium-netzwerk.de\" target=\"_blank\" rel=\"noopener\">Auditorium hier<\/a> erh\u00e4ltlich<br \/>Ein kleiner Einblick in Thomas Fuchsens Denken findet sich in der <a href=\"https:\/\/www.srf.ch\/play\/tv\/sternstunde-philosophie\/video\/thomas-fuchs---macht-uns-die-gesellschaft-krank?urn=urn:srf:video:938ba88d-69f7-4681-afd8-71c87ab8ac33\" data-type=\"undefined\" target=\"_blank\" rel=\"noopener\">Sternstunde Philosophie<\/a> des Schweizer Fernsehens.<\/p>\n<\/div>\n<\/div>\n<\/div>\n<\/div>\n<\/div>\n<\/div>\n<\/div>\n<p>[\/et_pb_blurb][\/et_pb_column][\/et_pb_row][\/et_pb_section][et_pb_section fb_built=&#8220;1&#8243; admin_label=&#8220;section&#8220; _builder_version=&#8220;4.16&#8243; background_color=&#8220;rgba(12,113,195,0.1)&#8220; background_enable_image=&#8220;off&#8220; custom_padding=&#8220;4px|||||&#8220; global_colors_info=&#8220;{}&#8220;][et_pb_row _builder_version=&#8220;4.16&#8243; global_colors_info=&#8220;{}&#8220;][et_pb_column type=&#8220;4_4&#8243; _builder_version=&#8220;4.16&#8243; global_colors_info=&#8220;{}&#8220;][et_pb_text module_id=&#8220;media&#8220; _builder_version=&#8220;4.27.4&#8243; global_colors_info=&#8220;{}&#8220;]<\/p>\n<h1 style=\"text-align: center;\">Media und Ver\u00f6ffentlichungen<\/h1>\n<p>[\/et_pb_text][\/et_pb_column][\/et_pb_row][et_pb_row column_structure=&#8220;2_5,3_5&#8243; _builder_version=&#8220;4.16&#8243; custom_padding=&#8220;||65px|||&#8220; global_colors_info=&#8220;{}&#8220;][et_pb_column type=&#8220;2_5&#8243; _builder_version=&#8220;4.16&#8243; global_colors_info=&#8220;{}&#8220;][et_pb_image src=&#8220;https:\/\/jankruse.net\/wp-content\/uploads\/2025\/06\/Bildschirmfoto-2025-06-08-um-23.19.23.png&#8220; title_text=&#8220;Bildschirmfoto 2025-06-08 um 23.19.23&#8243; _builder_version=&#8220;4.27.4&#8243; global_colors_info=&#8220;{}&#8220;][\/et_pb_image][\/et_pb_column][et_pb_column type=&#8220;3_5&#8243; _builder_version=&#8220;4.16&#8243; global_colors_info=&#8220;{}&#8220;][et_pb_text _builder_version=&#8220;4.27.6&#8243; _module_preset=&#8220;default&#8220; text_font=&#8220;Courier Prime||||||||&#8220; text_text_color=&#8220;#000000&#8243; text_font_size=&#8220;17px&#8220; global_colors_info=&#8220;{}&#8220;]<\/p>\n<div class=\"twelve columns s-right-in-row quarter-offset-left s-rva-text\">\n<div class=\"s-item-text-group s-animation-page-slide_in\" style=\"min-height: 307.3px;\">\n<div class=\"s-item-title\">\n<div class=\"s-component s-text\">\n<div class=\"\">\n<div class=\"s-component-content s-font-heading\" style=\"white-space: pre-wrap;\">\n<div class=\"s-rich-text-wrapper\" style=\"display: block;\">\n<p class=\" s-rich-text-wrapper\"><a href=\"https:\/\/uploads.strikinglycdn.com\/files\/48f9e6a9-b27b-4f83-95c5-9b2521a2def7\/Kruse:Willauer%202023, Wahrnehmungskultur I.pdf\" target=\"_blank\" rel=\"noopener\"><span style=\"text-decoration: underline;\">Jan Kruse\/Beate Willauer Wahrnehmungskultur I<\/span><\/a><\/p>\n<p class=\" s-rich-text-wrapper\">Beim Anfang beginnen, das beschreibt die Anf\u00e4nge unseres Projekts zur Wahrnehmung und Wahrnehmungskultur. Den ersten Text in dialogischer Form haben wir in der &#8222;Gestalttherapie&#8220; (2\/2023) ver\u00f6ffentlicht. Sie finden ihn <a href=\"https:\/\/uploads.strikinglycdn.com\/files\/48f9e6a9-b27b-4f83-95c5-9b2521a2def7\/Kruse:Willauer 2023, Wahrnehmungskultur I.pdf\" data-type=\"document\" target=\"_blank\" rel=\"noopener\">hier<\/a>.<\/p>\n<p class=\" s-rich-text-wrapper\"><a href=\"https:\/\/cloud.jankruse.net\/index.php\/s\/XYRKqRpXx6DmaKb\" target=\"_blank\" rel=\"noopener\"><span style=\"text-decoration: underline;\">Geteilte Fremdheit: Eine ontologische Betrachtung<\/span><\/a><\/p>\n<p class=\" s-rich-text-wrapper\">Mein Text zu unseren Vortr\u00e4gen zur 5. Ph\u00e4nomenologie-Tagung 2026 kann <a href=\"https:\/\/cloud.jankruse.net\/index.php\/s\/XYRKqRpXx6DmaKb\" target=\"_blank\" rel=\"noopener\">hier<\/a> abgerufen werden.<\/p>\n<p class=\" s-rich-text-wrapper\"><a href=\"https:\/\/jankruse.net\/wp-content\/uploads\/2025\/06\/Beitrag-Jan-PhaenTagung25.pages.pdf\" target=\"_blank\" rel=\"noopener\"><span style=\"text-decoration: underline;\">Psychiatrie als Beziehungsmedizin \u2013 Gestalttherapeutische Wurzeln und gemeinsames Potential<\/span><\/a><\/p>\n<p class=\" s-rich-text-wrapper\">Der Text zu meinem Vortrag zur 4. Ph\u00e4nomenologie-Tagung 2026 kann <a href=\"https:\/\/jankruse.net\/wp-content\/uploads\/2025\/06\/Beitrag-Jan-PhaenTagung25.pages.pdf\" target=\"_blank\" rel=\"noopener\">hier<\/a> abgerufen werden.<\/p>\n<\/div>\n<\/div>\n<\/div>\n<\/div>\n<\/div>\n<\/div>\n<\/div>\n<p>[\/et_pb_text][\/et_pb_column][\/et_pb_row][et_pb_row column_structure=&#8220;1_3,1_3,1_3&#8243; _builder_version=&#8220;4.27.4&#8243; custom_margin=&#8220;41px|auto||auto||&#8220; custom_padding=&#8220;12px|||||&#8220; global_colors_info=&#8220;{}&#8220;][et_pb_column type=&#8220;1_3&#8243; _builder_version=&#8220;4.16&#8243; global_colors_info=&#8220;{}&#8220;][et_pb_text _builder_version=&#8220;4.27.6&#8243; _module_preset=&#8220;default&#8220; text_font=&#8220;Courier Prime||||||||&#8220; text_text_color=&#8220;#000000&#8243; text_font_size=&#8220;17px&#8220; custom_margin=&#8220;||7px|||&#8220; global_colors_info=&#8220;{}&#8220;]<\/p>\n<p><span class=\"s-text-color-default\"><strong>Gestalt &amp; Gegenwart<\/strong><br \/>Aus den <a href=\"https:\/\/www.podcast.de\/podcast\/3412713\/gestalt-und-gegenwart-insta-x\" target=\"_blank\" rel=\"noopener\">Podcasts<\/a> des <\/span><span class=\"s-text-color-default\">Seminars f\u00fcr Gestalttherapie<\/span><\/p>\n<p>[\/et_pb_text][et_pb_text _builder_version=&#8220;4.27.6&#8243; _module_preset=&#8220;default&#8220; text_font=&#8220;Courier Prime||||||||&#8220; text_text_color=&#8220;#000000&#8243; text_font_size=&#8220;17px&#8220; global_colors_info=&#8220;{}&#8220;]<\/p>\n<div class=\"twelve columns s-left-in-row right quarter-offset-right s-rva-text\">\n<div class=\"s-item-text-group s-animation-page-slide_in\" style=\"min-height: 109.65px;\">\n<div class=\"s-item-title\">\n<div class=\"s-component s-text\">\n<div class=\"\">\n<div class=\"s-component-content s-font-heading\" style=\"white-space: pre-wrap;\">\n<div class=\"s-rich-text-wrapper\" style=\"display: block;\">\n<p class=\" s-rich-text-wrapper\"><a href=\"https:\/\/www.podcast.de\/episode\/642455606\/wahrnehmungskultur-gestalt-und-gegenwart-7-was-ist-gestalttherapie-2\" target=\"_blank\" rel=\"noopener\" title=\"Was ist Gestalttherapie (2)\">Podcast#7<\/a> enth\u00e4lt nochmal die Frage, was Gestalttherapie ist. <a href=\"https:\/\/www.podcast.de\/episode\/634355629\/wahrnehmungskultur-gestalt-und-gegenwart-6-der-grund-fuer-alles-figur-und-hintergrund\" target=\"_blank\" rel=\"noopener\" title=\"Figur und Grund\">Podcast#6<\/a> beschreibt den Grund f\u00fcr alles &#8211; \u00fcber Figur und Hintergrund. <a href=\"https:\/\/www.podcast.de\/episode\/631677475\/wahrnehmungskultur-gestalt-und-gegenwart-5-wer-bist-du\" target=\"_blank\" rel=\"noopener\" title=\"Wer (b)ist Du?\">Podcast#5<\/a> fragt: Wer (b)ist Du? <a href=\"https:\/\/www.podcast.de\/episode\/626573821\/wahrnehmungskultur-gestalt-und-gegenwart-4-ursachen-von-leid-1\" target=\"_blank\" rel=\"noopener\" title=\"Ursachen von Leid\">Podcast#4<\/a> versucht Ursachen von Leid als Ausbleiben aktuellen Erlebens zu beschreiben. <a href=\"https:\/\/www.podcast.de\/episode\/623020229\/wahrnehmungskultur-gestalt-und-gegenwart-3-ueber-das-hier-und-jetzt\" target=\"_blank\" rel=\"noopener\" title=\"Podcast3\">Podcast#3<\/a> n\u00e4hert sich dem Verst\u00e4ndnis des Hier &amp; Jetzt an. <a href=\"https:\/\/www.podcast.de\/episode\/623020233\/wahrnehmungskultur-gestalt-und-gegenwart-2-phaenomenologische-psychopathologie\" data-type=\"document\" target=\"_blank\" rel=\"noopener\">Podcast#2<\/a> reflektiert die ph\u00e4nomenologische Psychopathologie. In <a href=\"https:\/\/www.podcast.de\/episode\/623020235\/wahrnehmungskultur-gestalt-und-gegenwart-1-was-ist-gestalttherapie\" target=\"_blank\" rel=\"noopener\" title=\"Podcast #1\">Podcast#1 <\/a>geht es um die Frage, was Gestalttherapie ist.<span style=\"display: inline-block;\"><\/span><span style=\"color: #2eb6dc;\"><\/span><\/p>\n<\/div>\n<\/div>\n<\/div>\n<\/div>\n<\/div>\n<\/div>\n<\/div>\n<p>[\/et_pb_text][\/et_pb_column][et_pb_column type=&#8220;1_3&#8243; _builder_version=&#8220;4.27.4&#8243; _module_preset=&#8220;default&#8220; global_colors_info=&#8220;{}&#8220;][\/et_pb_column][et_pb_column type=&#8220;1_3&#8243; _builder_version=&#8220;4.27.4&#8243; _module_preset=&#8220;default&#8220; global_colors_info=&#8220;{}&#8220;][et_pb_image src=&#8220;https:\/\/jankruse.net\/wp-content\/uploads\/2025\/06\/IMG_3226-scaled.jpeg&#8220; title_text=&#8220;IMG_3226&#8243; align=&#8220;center&#8220; _builder_version=&#8220;4.27.4&#8243; _module_preset=&#8220;default&#8220; width=&#8220;87%&#8220; global_colors_info=&#8220;{}&#8220;][\/et_pb_image][\/et_pb_column][\/et_pb_row][\/et_pb_section][et_pb_section fb_built=&#8220;1&#8243; admin_label=&#8220;section&#8220; _builder_version=&#8220;4.16&#8243; background_color=&#8220;rgba(12,113,195,0.1)&#8220; background_enable_image=&#8220;off&#8220; global_colors_info=&#8220;{}&#8220;][et_pb_row _builder_version=&#8220;4.16&#8243; global_colors_info=&#8220;{}&#8220;][et_pb_column type=&#8220;4_4&#8243; _builder_version=&#8220;4.16&#8243; global_colors_info=&#8220;{}&#8220;][et_pb_text module_id=&#8220;kontakt&#8220; _builder_version=&#8220;4.27.4&#8243; global_colors_info=&#8220;{}&#8220;]<\/p>\n<h1 style=\"text-align: center;\">Kontakt<\/h1>\n<p>[\/et_pb_text][\/et_pb_column][\/et_pb_row][et_pb_row _builder_version=&#8220;4.16&#8243; global_colors_info=&#8220;{}&#8220;][et_pb_column type=&#8220;4_4&#8243; _builder_version=&#8220;4.16&#8243; global_colors_info=&#8220;{}&#8220;][et_pb_contact_form email=&#8220;jan.kruse@posteo.de&#8220; title=&#8220;Kontaktformular&#8220; success_message=&#8220;Ihre Nachricht wurde versendet&#8220; submit_button_text=&#8220;Senden&#8220; _builder_version=&#8220;4.27.6&#8243; _unique_id=&#8220;bd24c457-5940-492c-8136-49d423fd584d&#8220; link_option_url=&#8220;#kontakt&#8220; global_colors_info=&#8220;{}&#8220;][et_pb_contact_field field_id=&#8220;Name&#8220; field_title=&#8220;Name&#8220; _builder_version=&#8220;4.16&#8243; global_colors_info=&#8220;{}&#8220; button_text_size__hover_enabled=&#8220;off&#8220; button_one_text_size__hover_enabled=&#8220;off&#8220; button_two_text_size__hover_enabled=&#8220;off&#8220; button_text_color__hover_enabled=&#8220;off&#8220; button_one_text_color__hover_enabled=&#8220;off&#8220; button_two_text_color__hover_enabled=&#8220;off&#8220; button_border_width__hover_enabled=&#8220;off&#8220; button_one_border_width__hover_enabled=&#8220;off&#8220; button_two_border_width__hover_enabled=&#8220;off&#8220; button_border_color__hover_enabled=&#8220;off&#8220; button_one_border_color__hover_enabled=&#8220;off&#8220; button_two_border_color__hover_enabled=&#8220;off&#8220; button_border_radius__hover_enabled=&#8220;off&#8220; button_one_border_radius__hover_enabled=&#8220;off&#8220; button_two_border_radius__hover_enabled=&#8220;off&#8220; button_letter_spacing__hover_enabled=&#8220;off&#8220; button_one_letter_spacing__hover_enabled=&#8220;off&#8220; button_two_letter_spacing__hover_enabled=&#8220;off&#8220; button_bg_color__hover_enabled=&#8220;off&#8220; button_one_bg_color__hover_enabled=&#8220;off&#8220; button_two_bg_color__hover_enabled=&#8220;off&#8220;][\/et_pb_contact_field][et_pb_contact_field field_id=&#8220;Email&#8220; field_title=&#8220;E-Mail-Adresse&#8220; field_type=&#8220;email&#8220; _builder_version=&#8220;4.16&#8243; global_colors_info=&#8220;{}&#8220; button_text_size__hover_enabled=&#8220;off&#8220; button_one_text_size__hover_enabled=&#8220;off&#8220; button_two_text_size__hover_enabled=&#8220;off&#8220; button_text_color__hover_enabled=&#8220;off&#8220; button_one_text_color__hover_enabled=&#8220;off&#8220; button_two_text_color__hover_enabled=&#8220;off&#8220; button_border_width__hover_enabled=&#8220;off&#8220; button_one_border_width__hover_enabled=&#8220;off&#8220; button_two_border_width__hover_enabled=&#8220;off&#8220; button_border_color__hover_enabled=&#8220;off&#8220; button_one_border_color__hover_enabled=&#8220;off&#8220; button_two_border_color__hover_enabled=&#8220;off&#8220; button_border_radius__hover_enabled=&#8220;off&#8220; button_one_border_radius__hover_enabled=&#8220;off&#8220; button_two_border_radius__hover_enabled=&#8220;off&#8220; button_letter_spacing__hover_enabled=&#8220;off&#8220; button_one_letter_spacing__hover_enabled=&#8220;off&#8220; button_two_letter_spacing__hover_enabled=&#8220;off&#8220; button_bg_color__hover_enabled=&#8220;off&#8220; button_one_bg_color__hover_enabled=&#8220;off&#8220; button_two_bg_color__hover_enabled=&#8220;off&#8220;][\/et_pb_contact_field][et_pb_contact_field field_id=&#8220;Message&#8220; field_title=&#8220;Nachricht&#8220; field_type=&#8220;text&#8220; fullwidth_field=&#8220;on&#8220; _builder_version=&#8220;4.16&#8243; global_colors_info=&#8220;{}&#8220; button_text_size__hover_enabled=&#8220;off&#8220; button_one_text_size__hover_enabled=&#8220;off&#8220; button_two_text_size__hover_enabled=&#8220;off&#8220; button_text_color__hover_enabled=&#8220;off&#8220; button_one_text_color__hover_enabled=&#8220;off&#8220; button_two_text_color__hover_enabled=&#8220;off&#8220; button_border_width__hover_enabled=&#8220;off&#8220; button_one_border_width__hover_enabled=&#8220;off&#8220; button_two_border_width__hover_enabled=&#8220;off&#8220; button_border_color__hover_enabled=&#8220;off&#8220; button_one_border_color__hover_enabled=&#8220;off&#8220; button_two_border_color__hover_enabled=&#8220;off&#8220; button_border_radius__hover_enabled=&#8220;off&#8220; button_one_border_radius__hover_enabled=&#8220;off&#8220; button_two_border_radius__hover_enabled=&#8220;off&#8220; button_letter_spacing__hover_enabled=&#8220;off&#8220; button_one_letter_spacing__hover_enabled=&#8220;off&#8220; button_two_letter_spacing__hover_enabled=&#8220;off&#8220; button_bg_color__hover_enabled=&#8220;off&#8220; button_one_bg_color__hover_enabled=&#8220;off&#8220; button_two_bg_color__hover_enabled=&#8220;off&#8220;][\/et_pb_contact_field][\/et_pb_contact_form][et_pb_team_member name=&#8220;Dr. Jan Kruse&#8220; position=&#8220;Gestalttherapeut und Co-Leitung des SfGT&#8220; image_url=&#8220;https:\/\/jankruse.net\/wp-content\/uploads\/2026\/04\/IMG_5542.jpeg&#8220; _builder_version=&#8220;4.27.6&#8243; _module_preset=&#8220;default&#8220; child_filter_saturate=&#8220;94%&#8220; border_radii_image=&#8220;on|10px|10px|10px|10px&#8220; border_width_all_image=&#8220;32px&#8220; border_color_all_image=&#8220;RGBA(255,255,255,0)&#8220; global_colors_info=&#8220;{}&#8220;]<\/p>\n<p>&nbsp;<\/p>\n<p>Praxis Schottenstr. 13, 78462 Konstanz<\/p>\n<p>L\u00f6wengasse 10, 78315 Radolfzell<\/p>\n<p>Online-Praxis<\/p>\n<p>Am kulturellen Leben teilhaben? &#8211; <a href=\"https:\/\/jankruse.net\/kn-termine\/\" target=\"_blank\" rel=\"noopener\">Hier ist mein Veranstaltungskalender f\u00fcr Konstanz \u2193<\/a><\/p>\n<p>&nbsp;<\/p>\n<p>&nbsp;<\/p>\n<p><a href=\"https:\/\/jankruse.net\/260-2\/\">Impressum und Datenschutz<\/a><\/p>\n<p>[\/et_pb_team_member][\/et_pb_column][\/et_pb_row][\/et_pb_section]<\/p>\n","protected":false},"excerpt":{"rendered":"<p>Dr. phil. Jan Kruse Gestalttherapeut Therapie, Supervision, Ausbildung Gestalttherapeutische Gemeinschaftspraxis mit Beate WillauerZur\u00fcck zum FriedenDu und ichJan KruseGestalttherapeutMediatorSupervisor Promotion in LinguistikGestalttherapie ist Therapie, Begleitung und eine Art, zu einem guten und sinnvollen Leben zu gelangen. Gestalttherapie bedeutet Entwicklung, Befreiung und Kontakt zu sich selbst. Der gestalttherapeutische Kontakt ist gepr\u00e4gt von Pr\u00e4senz, Offenheit, Beziehung und Gewahrsein. [&hellip;]<\/p>\n","protected":false},"author":1,"featured_media":0,"parent":0,"menu_order":0,"comment_status":"closed","ping_status":"closed","template":"","meta":{"_et_pb_use_builder":"on","_et_pb_old_content":"<!-- wp:paragraph -->\n<p>This is an example page. It's different from a blog post because it will stay in one place and will show up in your site navigation (in most themes). Most people start with an About page that introduces them to potential site visitors. It might say something like this:<\/p>\n<!-- \/wp:paragraph -->\n\n<!-- wp:quote -->\n<blockquote class=\"wp-block-quote\"><!-- wp:paragraph -->\n<p>Hi there! I'm a bike messenger by day, aspiring actor by night, and this is my website. I live in Los Angeles, have a great dog named Jack, and I like pi\u00f1a coladas. (And gettin' caught in the rain.)<\/p>\n<!-- \/wp:paragraph --><\/blockquote>\n<!-- \/wp:quote -->\n\n<!-- wp:paragraph -->\n<p>...or something like this:<\/p>\n<!-- \/wp:paragraph -->\n\n<!-- wp:quote -->\n<blockquote class=\"wp-block-quote\"><!-- wp:paragraph -->\n<p>The XYZ Doohickey Company was founded in 1971, and has been providing quality doohickeys to the public ever since. Located in Gotham City, XYZ employs over 2,000 people and does all kinds of awesome things for the Gotham community.<\/p>\n<!-- \/wp:paragraph --><\/blockquote>\n<!-- \/wp:quote -->\n\n<!-- wp:paragraph -->\n<p>As a new WordPress user, you should go to <a href=\"http:\/\/jankruse.net\/wp-admin\/\">your dashboard<\/a> to delete this page and create new pages for your content. Have fun!<\/p>\n<!-- \/wp:paragraph -->","_et_gb_content_width":"","footnotes":""},"class_list":["post-2","page","type-page","status-publish","hentry"],"_links":{"self":[{"href":"https:\/\/jankruse.net\/wp-json\/wp\/v2\/pages\/2","targetHints":{"allow":["GET"]}}],"collection":[{"href":"https:\/\/jankruse.net\/wp-json\/wp\/v2\/pages"}],"about":[{"href":"https:\/\/jankruse.net\/wp-json\/wp\/v2\/types\/page"}],"author":[{"embeddable":true,"href":"https:\/\/jankruse.net\/wp-json\/wp\/v2\/users\/1"}],"replies":[{"embeddable":true,"href":"https:\/\/jankruse.net\/wp-json\/wp\/v2\/comments?post=2"}],"version-history":[{"count":9,"href":"https:\/\/jankruse.net\/wp-json\/wp\/v2\/pages\/2\/revisions"}],"predecessor-version":[{"id":493,"href":"https:\/\/jankruse.net\/wp-json\/wp\/v2\/pages\/2\/revisions\/493"}],"wp:attachment":[{"href":"https:\/\/jankruse.net\/wp-json\/wp\/v2\/media?parent=2"}],"curies":[{"name":"wp","href":"https:\/\/api.w.org\/{rel}","templated":true}]}}